{"id":12394,"date":"2023-10-10T19:51:09","date_gmt":"2023-10-10T17:51:09","guid":{"rendered":"https:\/\/www.fotoclub-amkumma.at\/wp\/?page_id=12394"},"modified":"2023-10-10T20:13:29","modified_gmt":"2023-10-10T18:13:29","slug":"unsere-vereinsmeister","status":"publish","type":"page","link":"https:\/\/www.fotoclub-amkumma.at\/wp\/?page_id=12394","title":{"rendered":"Unsere Vereinsmeister"},"content":{"rendered":"\n<p>Hier gibt es einen kurzen R\u00fcckblick auf unsere Vereinsmeisterschaften, seit dem Jahr 2015<\/p>\n\n\n\n<h2 class=\"wp-block-heading\">2015 Karl Heinz Mader<\/h2>\n\n\n\n<p>2. Klaus Dornbach<\/p>\n\n\n\n<p>3. Karin Str\u00f6hle<\/p>\n\n\n\n<p>4. J\u00fcrgen Grasmuck<\/p>\n\n\n\n<p>5. Lothar Halbeisen<\/p>\n\n\n\n<h2 class=\"wp-block-heading\">2016 Karl Heinz Mader<\/h2>\n\n\n\n<p>2. Klaus Dornbach<\/p>\n\n\n\n<p>3. Lothar Halbeisen<\/p>\n\n\n\n<p>4. Karin Str\u00f6hle<\/p>\n\n\n\n<p>5. J\u00fcrgen Grasmuck<\/p>\n\n\n\n<figure class=\"wp-block-image size-large\"><img loading=\"lazy\" decoding=\"async\" width=\"1280\" height=\"720\" src=\"https:\/\/www.fotoclub-amkumma.at\/wp\/wp-content\/uploads\/2023\/10\/2016_khm-1280x720.jpg\" alt=\"\" class=\"wp-image-12396\" srcset=\"https:\/\/www.fotoclub-amkumma.at\/wp\/wp-content\/uploads\/2023\/10\/2016_khm-1280x720.jpg 1280w, https:\/\/www.fotoclub-amkumma.at\/wp\/wp-content\/uploads\/2023\/10\/2016_khm-300x169.jpg 300w, https:\/\/www.fotoclub-amkumma.at\/wp\/wp-content\/uploads\/2023\/10\/2016_khm-150x84.jpg 150w, https:\/\/www.fotoclub-amkumma.at\/wp\/wp-content\/uploads\/2023\/10\/2016_khm-768x432.jpg 768w, https:\/\/www.fotoclub-amkumma.at\/wp\/wp-content\/uploads\/2023\/10\/2016_khm-1536x864.jpg 1536w, https:\/\/www.fotoclub-amkumma.at\/wp\/wp-content\/uploads\/2023\/10\/2016_khm.jpg 1920w\" sizes=\"auto, (max-width: 1280px) 100vw, 1280px\" \/><figcaption class=\"wp-element-caption\">Gargamel von Karl Heinz Mader<\/figcaption><\/figure>\n\n\n\n<h2 class=\"wp-block-heading\">2017 Karl Heinz Mader<\/h2>\n\n\n\n<p>2. Andreas Mader<\/p>\n\n\n\n<p>3. Klaus Dornbach<\/p>\n\n\n\n<p>4. Guido Loacker<\/p>\n\n\n\n<p>5. Lothar Halbeisen<\/p>\n\n\n\n<figure class=\"wp-block-image size-large\"><img loading=\"lazy\" decoding=\"async\" width=\"1280\" height=\"853\" src=\"https:\/\/www.fotoclub-amkumma.at\/wp\/wp-content\/uploads\/2023\/10\/2017_khm-1280x853.jpg\" alt=\"\" class=\"wp-image-12397\" srcset=\"https:\/\/www.fotoclub-amkumma.at\/wp\/wp-content\/uploads\/2023\/10\/2017_khm-1280x853.jpg 1280w, https:\/\/www.fotoclub-amkumma.at\/wp\/wp-content\/uploads\/2023\/10\/2017_khm-300x200.jpg 300w, https:\/\/www.fotoclub-amkumma.at\/wp\/wp-content\/uploads\/2023\/10\/2017_khm-150x100.jpg 150w, https:\/\/www.fotoclub-amkumma.at\/wp\/wp-content\/uploads\/2023\/10\/2017_khm-768x512.jpg 768w, https:\/\/www.fotoclub-amkumma.at\/wp\/wp-content\/uploads\/2023\/10\/2017_khm-1536x1024.jpg 1536w, https:\/\/www.fotoclub-amkumma.at\/wp\/wp-content\/uploads\/2023\/10\/2017_khm-120x80.jpg 120w, https:\/\/www.fotoclub-amkumma.at\/wp\/wp-content\/uploads\/2023\/10\/2017_khm-360x240.jpg 360w, https:\/\/www.fotoclub-amkumma.at\/wp\/wp-content\/uploads\/2023\/10\/2017_khm.jpg 1920w\" sizes=\"auto, (max-width: 1280px) 100vw, 1280px\" \/><figcaption class=\"wp-element-caption\">Leuchtender Pilz von Karl Heinz Mader<\/figcaption><\/figure>\n\n\n\n<h2 class=\"wp-block-heading\">2018 Karl Heinz Mader<\/h2>\n\n\n\n<p>2. Klaus Dornbach<\/p>\n\n\n\n<p>3. Karin Str\u00f6hle<\/p>\n\n\n\n<p>4. Andreas Mader<\/p>\n\n\n\n<p>5. Guido Loacker<\/p>\n\n\n\n<figure class=\"wp-block-image size-large\"><img loading=\"lazy\" decoding=\"async\" width=\"1280\" height=\"720\" src=\"https:\/\/www.fotoclub-amkumma.at\/wp\/wp-content\/uploads\/2023\/10\/2018_khm-1280x720.jpg\" alt=\"\" class=\"wp-image-12398\" srcset=\"https:\/\/www.fotoclub-amkumma.at\/wp\/wp-content\/uploads\/2023\/10\/2018_khm-1280x720.jpg 1280w, https:\/\/www.fotoclub-amkumma.at\/wp\/wp-content\/uploads\/2023\/10\/2018_khm-300x169.jpg 300w, https:\/\/www.fotoclub-amkumma.at\/wp\/wp-content\/uploads\/2023\/10\/2018_khm-150x84.jpg 150w, https:\/\/www.fotoclub-amkumma.at\/wp\/wp-content\/uploads\/2023\/10\/2018_khm-768x432.jpg 768w, https:\/\/www.fotoclub-amkumma.at\/wp\/wp-content\/uploads\/2023\/10\/2018_khm-1536x864.jpg 1536w, https:\/\/www.fotoclub-amkumma.at\/wp\/wp-content\/uploads\/2023\/10\/2018_khm.jpg 1920w\" sizes=\"auto, (max-width: 1280px) 100vw, 1280px\" \/><figcaption class=\"wp-element-caption\">Wespe von Karl Heinz Mader<\/figcaption><\/figure>\n\n\n\n<h2 class=\"wp-block-heading\">2019 Klaus Dornbach<\/h2>\n\n\n\n<p>2. Karl Heinz Mader<\/p>\n\n\n\n<p>3. Manuel H\u00e4mmerle<\/p>\n\n\n\n<p>4. Elisabeth Halbeisen<\/p>\n\n\n\n<p>5. Lothar Halbeisen<\/p>\n\n\n\n<figure class=\"wp-block-image size-large\"><img loading=\"lazy\" decoding=\"async\" width=\"1280\" height=\"720\" src=\"https:\/\/www.fotoclub-amkumma.at\/wp\/wp-content\/uploads\/2023\/10\/2019_kd-1280x720.jpg\" alt=\"\" class=\"wp-image-12399\" srcset=\"https:\/\/www.fotoclub-amkumma.at\/wp\/wp-content\/uploads\/2023\/10\/2019_kd-1280x720.jpg 1280w, https:\/\/www.fotoclub-amkumma.at\/wp\/wp-content\/uploads\/2023\/10\/2019_kd-300x169.jpg 300w, https:\/\/www.fotoclub-amkumma.at\/wp\/wp-content\/uploads\/2023\/10\/2019_kd-150x84.jpg 150w, https:\/\/www.fotoclub-amkumma.at\/wp\/wp-content\/uploads\/2023\/10\/2019_kd-768x432.jpg 768w, https:\/\/www.fotoclub-amkumma.at\/wp\/wp-content\/uploads\/2023\/10\/2019_kd-1536x864.jpg 1536w, https:\/\/www.fotoclub-amkumma.at\/wp\/wp-content\/uploads\/2023\/10\/2019_kd.jpg 1920w\" sizes=\"auto, (max-width: 1280px) 100vw, 1280px\" \/><figcaption class=\"wp-element-caption\">Island von Klaus Dornbach<\/figcaption><\/figure>\n\n\n\n<h2 class=\"wp-block-heading\">2020 Klaus Dornbach<\/h2>\n\n\n\n<p>2. Guido Loacker<\/p>\n\n\n\n<p>3. Manuel H\u00e4mmerle<\/p>\n\n\n\n<p>4. J\u00fcrgen Grasmuck<\/p>\n\n\n\n<p>5. Harald Lechleitner<\/p>\n\n\n\n<figure class=\"wp-block-image size-large\"><img loading=\"lazy\" decoding=\"async\" width=\"1280\" height=\"683\" src=\"https:\/\/www.fotoclub-amkumma.at\/wp\/wp-content\/uploads\/2023\/10\/2020_kd-1280x683.jpg\" alt=\"\" class=\"wp-image-12400\" srcset=\"https:\/\/www.fotoclub-amkumma.at\/wp\/wp-content\/uploads\/2023\/10\/2020_kd-1280x683.jpg 1280w, https:\/\/www.fotoclub-amkumma.at\/wp\/wp-content\/uploads\/2023\/10\/2020_kd-300x160.jpg 300w, https:\/\/www.fotoclub-amkumma.at\/wp\/wp-content\/uploads\/2023\/10\/2020_kd-150x80.jpg 150w, https:\/\/www.fotoclub-amkumma.at\/wp\/wp-content\/uploads\/2023\/10\/2020_kd-768x410.jpg 768w, https:\/\/www.fotoclub-amkumma.at\/wp\/wp-content\/uploads\/2023\/10\/2020_kd-1536x819.jpg 1536w, https:\/\/www.fotoclub-amkumma.at\/wp\/wp-content\/uploads\/2023\/10\/2020_kd.jpg 1920w\" sizes=\"auto, (max-width: 1280px) 100vw, 1280px\" \/><figcaption class=\"wp-element-caption\">3 Zinnen von Klaus Dornbach<\/figcaption><\/figure>\n\n\n\n<h2 class=\"wp-block-heading\">2021 Klaus Dornbach<\/h2>\n\n\n\n<p>2. Karl Heinz Mader<\/p>\n\n\n\n<p>3. Harald Lechleitner<\/p>\n\n\n\n<p>4. Norbert Bargetz<\/p>\n\n\n\n<p>5. Lothar Halbeisen<\/p>\n\n\n\n<figure class=\"wp-block-image size-large\"><img loading=\"lazy\" decoding=\"async\" width=\"1280\" height=\"853\" src=\"https:\/\/www.fotoclub-amkumma.at\/wp\/wp-content\/uploads\/2023\/10\/2021_kd-1280x853.jpg\" alt=\"\" class=\"wp-image-12401\" srcset=\"https:\/\/www.fotoclub-amkumma.at\/wp\/wp-content\/uploads\/2023\/10\/2021_kd-1280x853.jpg 1280w, https:\/\/www.fotoclub-amkumma.at\/wp\/wp-content\/uploads\/2023\/10\/2021_kd-300x200.jpg 300w, https:\/\/www.fotoclub-amkumma.at\/wp\/wp-content\/uploads\/2023\/10\/2021_kd-150x100.jpg 150w, https:\/\/www.fotoclub-amkumma.at\/wp\/wp-content\/uploads\/2023\/10\/2021_kd-768x512.jpg 768w, https:\/\/www.fotoclub-amkumma.at\/wp\/wp-content\/uploads\/2023\/10\/2021_kd-1536x1024.jpg 1536w, https:\/\/www.fotoclub-amkumma.at\/wp\/wp-content\/uploads\/2023\/10\/2021_kd-120x80.jpg 120w, https:\/\/www.fotoclub-amkumma.at\/wp\/wp-content\/uploads\/2023\/10\/2021_kd-360x240.jpg 360w, https:\/\/www.fotoclub-amkumma.at\/wp\/wp-content\/uploads\/2023\/10\/2021_kd.jpg 1920w\" sizes=\"auto, (max-width: 1280px) 100vw, 1280px\" \/><figcaption class=\"wp-element-caption\">Bremse von Klaus Dornbach<\/figcaption><\/figure>\n\n\n\n<h2 class=\"wp-block-heading\">2022 Klaus Dornbach<\/h2>\n\n\n\n<p>2. Karl Heinz Mader<\/p>\n\n\n\n<p>3. Manuel H\u00e4mmerle<\/p>\n\n\n\n<p>4. Harald Lechleitner<\/p>\n\n\n\n<p>5. Arnold Mayer<\/p>\n\n\n\n<figure class=\"wp-block-image size-large\"><img loading=\"lazy\" decoding=\"async\" width=\"1280\" height=\"853\" src=\"https:\/\/www.fotoclub-amkumma.at\/wp\/wp-content\/uploads\/2023\/10\/2022_kd-1280x853.jpg\" alt=\"\" class=\"wp-image-12402\" srcset=\"https:\/\/www.fotoclub-amkumma.at\/wp\/wp-content\/uploads\/2023\/10\/2022_kd-1280x853.jpg 1280w, https:\/\/www.fotoclub-amkumma.at\/wp\/wp-content\/uploads\/2023\/10\/2022_kd-300x200.jpg 300w, https:\/\/www.fotoclub-amkumma.at\/wp\/wp-content\/uploads\/2023\/10\/2022_kd-150x100.jpg 150w, https:\/\/www.fotoclub-amkumma.at\/wp\/wp-content\/uploads\/2023\/10\/2022_kd-768x512.jpg 768w, https:\/\/www.fotoclub-amkumma.at\/wp\/wp-content\/uploads\/2023\/10\/2022_kd-1536x1024.jpg 1536w, https:\/\/www.fotoclub-amkumma.at\/wp\/wp-content\/uploads\/2023\/10\/2022_kd-120x80.jpg 120w, https:\/\/www.fotoclub-amkumma.at\/wp\/wp-content\/uploads\/2023\/10\/2022_kd-360x240.jpg 360w, https:\/\/www.fotoclub-amkumma.at\/wp\/wp-content\/uploads\/2023\/10\/2022_kd.jpg 1920w\" sizes=\"auto, (max-width: 1280px) 100vw, 1280px\" \/><figcaption class=\"wp-element-caption\">K\u00f6nigslibelle von Klaus Dornbach<\/figcaption><\/figure>\n\n\n\n<h2 class=\"wp-block-heading\">2023 Klaus Dornbach<\/h2>\n\n\n\n<p>2. Karl Heinz Mader<\/p>\n\n\n\n<p>3. Harald Lechleitner<\/p>\n\n\n\n<p>4. J\u00fcrgen Grasmuck<\/p>\n\n\n\n<p>5. Markus Solterbeck<\/p>\n\n\n\n<figure class=\"wp-block-image size-large\"><img loading=\"lazy\" decoding=\"async\" width=\"1280\" height=\"720\" src=\"https:\/\/www.fotoclub-amkumma.at\/wp\/wp-content\/uploads\/2023\/10\/28_3kd-Speedway-1280x720.jpg\" alt=\"\" class=\"wp-image-12378\" srcset=\"https:\/\/www.fotoclub-amkumma.at\/wp\/wp-content\/uploads\/2023\/10\/28_3kd-Speedway-1280x720.jpg 1280w, https:\/\/www.fotoclub-amkumma.at\/wp\/wp-content\/uploads\/2023\/10\/28_3kd-Speedway-300x169.jpg 300w, https:\/\/www.fotoclub-amkumma.at\/wp\/wp-content\/uploads\/2023\/10\/28_3kd-Speedway-150x84.jpg 150w, https:\/\/www.fotoclub-amkumma.at\/wp\/wp-content\/uploads\/2023\/10\/28_3kd-Speedway-768x432.jpg 768w, https:\/\/www.fotoclub-amkumma.at\/wp\/wp-content\/uploads\/2023\/10\/28_3kd-Speedway-1536x864.jpg 1536w, https:\/\/www.fotoclub-amkumma.at\/wp\/wp-content\/uploads\/2023\/10\/28_3kd-Speedway.jpg 1920w\" sizes=\"auto, (max-width: 1280px) 100vw, 1280px\" \/><figcaption class=\"wp-element-caption\">Speedway von Klaus Dornbach<\/figcaption><\/figure>\n","protected":false},"excerpt":{"rendered":"<p>Hier gibt es einen kurzen R\u00fcckblick auf unsere Vereinsmeisterschaften, seit dem Jahr 2015 2015 Karl Heinz Mader 2. Klaus Dornbach 3. Karin Str\u00f6hle 4. J\u00fcrgen Grasmuck 5. Lothar Halbeisen 2016 Karl Heinz Mader 2. Klaus Dornbach 3. Lothar Halbeisen 4. Karin Str\u00f6hle 5. J\u00fcrgen Grasmuck &hellip; <a href=\"https:\/\/www.fotoclub-amkumma.at\/wp\/?page_id=12394\" class=\"more-link\"><span>Weiterlesen<span class=\"screen-reader-text\">Unsere Vereinsmeister<\/span><\/span><\/a><\/p>\n","protected":false},"author":3,"featured_media":12398,"parent":0,"menu_order":0,"comment_status":"closed","ping_status":"closed","template":"","meta":{"footnotes":""},"class_list":["post-12394","page","type-page","status-publish","has-post-thumbnail","hentry"],"_links":{"self":[{"href":"https:\/\/www.fotoclub-amkumma.at\/wp\/index.php?rest_route=\/wp\/v2\/pages\/12394","targetHints":{"allow":["GET"]}}],"collection":[{"href":"https:\/\/www.fotoclub-amkumma.at\/wp\/index.php?rest_route=\/wp\/v2\/pages"}],"about":[{"href":"https:\/\/www.fotoclub-amkumma.at\/wp\/index.php?rest_route=\/wp\/v2\/types\/page"}],"author":[{"embeddable":true,"href":"https:\/\/www.fotoclub-amkumma.at\/wp\/index.php?rest_route=\/wp\/v2\/users\/3"}],"replies":[{"embeddable":true,"href":"https:\/\/www.fotoclub-amkumma.at\/wp\/index.php?rest_route=%2Fwp%2Fv2%2Fcomments&post=12394"}],"version-history":[{"count":3,"href":"https:\/\/www.fotoclub-amkumma.at\/wp\/index.php?rest_route=\/wp\/v2\/pages\/12394\/revisions"}],"predecessor-version":[{"id":12407,"href":"https:\/\/www.fotoclub-amkumma.at\/wp\/index.php?rest_route=\/wp\/v2\/pages\/12394\/revisions\/12407"}],"wp:featuredmedia":[{"embeddable":true,"href":"https:\/\/www.fotoclub-amkumma.at\/wp\/index.php?rest_route=\/wp\/v2\/media\/12398"}],"wp:attachment":[{"href":"https:\/\/www.fotoclub-amkumma.at\/wp\/index.php?rest_route=%2Fwp%2Fv2%2Fmedia&parent=12394"}],"curies":[{"name":"wp","href":"https:\/\/api.w.org\/{rel}","templated":true}]}}